{"id":196,"date":"2015-07-07T16:25:54","date_gmt":"2015-07-07T16:25:54","guid":{"rendered":"http:\/\/orthophonie-en-ligne.com\/?page_id=196"},"modified":"2016-10-23T15:18:46","modified_gmt":"2016-10-23T15:18:46","slug":"pour-qui","status":"publish","type":"page","link":"https:\/\/orthophonie-en-ligne.com\/index.php\/teleorthophonie\/pour-qui\/","title":{"rendered":"Les troubles trait\u00e9s"},"content":{"rendered":"<div id=\"pl-196\"  class=\"panel-layout\" ><div id=\"pg-196-0\"  class=\"panel-grid panel-no-style\" ><div id=\"pgc-196-0-0\"  class=\"panel-grid-cell\" ><div id=\"panel-196-0-0-0\" class=\"so-panel widget widget_black-studio-tinymce widget_black_studio_tinymce panel-first-child panel-last-child\" data-index=\"0\" ><div class=\"textwidget\"><h3 style=\"text-align: justify;\"><strong><span style=\"color: #800000;\">Troubles trait\u00e9s<br \/><\/span><\/strong><\/h3>\n<p style=\"text-align: justify;\">\u00a0<\/p>\n<p style=\"text-align: justify;\">L\u2019orthophoniste est le professionnel de sant\u00e9 qui assume la responsabilit\u00e9 de la pr\u00e9vention, de l\u2019\u00e9valuation, du traitement et de l\u2019\u00e9tude scientifique des d\u00e9ficiences et des troubles de la communication humaine et de leurs troubles associ\u00e9s.<br \/>L\u2019orthophonie s\u2019adresse \u00e0 l\u2019enfant, l\u2019adolescent et l\u2019adulte pr\u00e9sentant des troubles de la voix, de la parole, du langage, des troubles cognitifs associ\u00e9s se manifestant dans les apprentissages ou cons\u00e9cutifs \u00e0 des accidents, des traumatismes ou des interventions chirurgicales.<\/p>\n<p style=\"text-align: justify;\">Parmi les diff\u00e9rents domaines d'intervention, voici les troubles que je traite en t\u00e9l\u00e9-orthophonie:<\/p>\n<p>\u00a0<\/p>\n<\/div><\/div><\/div><div id=\"pgc-196-0-1\"  class=\"panel-grid-cell\" ><div id=\"panel-196-0-1-0\" class=\"so-panel widget widget_black-studio-tinymce widget_black_studio_tinymce panel-first-child\" data-index=\"1\" ><div class=\"textwidget\"><p>\u00a0<\/p>\n<p>\u00a0<\/p>\n<\/div><\/div><div id=\"panel-196-0-1-1\" class=\"so-panel widget widget_sow-button\" data-index=\"2\" ><div\n\t\t\t\n\t\t\tclass=\"so-widget-sow-button so-widget-sow-button-atom-db4bb99392a9-196\"\n\t\t\t\n\t\t><div class=\"ow-button-base ow-button-align-center\"\n>\n\t\t\t<a\n\t\t\t\t\thref=\"https:\/\/orthophonie-en-ligne.com\/index.php\/teleorthophonie\/fonctionnement\/\"\n\t\t\t\t\tclass=\"sowb-button ow-icon-placement-left ow-button-hover\" \t>\n\t\t<span>\n\t\t\t<span class=\"sow-icon-fontawesome sow-fas\" data-sow-icon=\"&#xf085;\"\n\t\tstyle=\"\" \n\t\taria-hidden=\"true\"><\/span>\n\t\t\tComment consulter\t\t<\/span>\n\t\t\t<\/a>\n\t<\/div>\n<\/div><\/div><div id=\"panel-196-0-1-2\" class=\"so-panel widget widget_sow-button panel-last-child\" data-index=\"3\" ><div\n\t\t\t\n\t\t\tclass=\"so-widget-sow-button so-widget-sow-button-atom-db4bb99392a9-196\"\n\t\t\t\n\t\t><div class=\"ow-button-base ow-button-align-center\"\n>\n\t\t\t<a\n\t\t\t\t\thref=\"https:\/\/orthophonie-en-ligne.com\/index.php\/teleorthophonie\/contactez-moi\/\"\n\t\t\t\t\tclass=\"sowb-button ow-icon-placement-left ow-button-hover\" \t>\n\t\t<span>\n\t\t\t<span class=\"sow-icon-fontawesome sow-far\" data-sow-icon=\"&#xf0e0;\"\n\t\tstyle=\"\" \n\t\taria-hidden=\"true\"><\/span>\n\t\t\tPrendre rendez-vous\t\t<\/span>\n\t\t\t<\/a>\n\t<\/div>\n<\/div><\/div><\/div><\/div><div id=\"pg-196-1\"  class=\"panel-grid panel-no-style\" ><div id=\"pgc-196-1-0\"  class=\"panel-grid-cell\" ><div id=\"panel-196-1-0-0\" class=\"so-panel widget widget_black-studio-tinymce widget_black_studio_tinymce panel-first-child\" data-index=\"4\" ><h3 class=\"widget-title\">Langage oral<\/h3><div class=\"textwidget\"><p>Troubles de l'articulation<br \/> Retard de parole et de langage<br \/> Dysphasie<br \/> Troubles du spectre autistique<\/p>\n<p>\u00a0<\/p>\n<\/div><\/div><div id=\"panel-196-1-0-1\" class=\"so-panel widget widget_black-studio-tinymce widget_black_studio_tinymce\" data-index=\"5\" ><h3 class=\"widget-title\">Voix &#038; Phonation<\/h3><div class=\"textwidget\"><p>Dysphonie<br \/> B\u00e9gaiement<br \/> Trouble de la fluence verbale<br \/> Troubles pneumo-phoniques<\/p>\n<p>\u00a0<\/p>\n<\/div><\/div><div id=\"panel-196-1-0-2\" class=\"so-panel widget widget_black-studio-tinymce widget_black_studio_tinymce panel-last-child\" data-index=\"6\" ><div class=\"panel-widget-style panel-widget-style-for-196-1-0-2\" ><div class=\"textwidget\"><p><span style=\"text-decoration: underline;\"><strong><em>Ci dessous quelques vid\u00e9os informatives:<\/em><\/strong><\/span><\/p>\n<\/div><\/div><\/div><\/div><div id=\"pgc-196-1-1\"  class=\"panel-grid-cell\" ><div id=\"panel-196-1-1-0\" class=\"so-panel widget widget_black-studio-tinymce widget_black_studio_tinymce panel-first-child\" data-index=\"7\" ><h3 class=\"widget-title\">Langage \u00e9crit<\/h3><div class=\"textwidget\"><p>Dyslexie<br \/> Dysorthographie<br \/> Dyscalculie<br \/> Raisonnement logico-math\u00e9matique<\/p>\n<p>\u00a0<\/p>\n<\/div><\/div><div id=\"panel-196-1-1-1\" class=\"so-panel widget widget_black-studio-tinymce widget_black_studio_tinymce panel-last-child\" data-index=\"8\" ><h3 class=\"widget-title\">Cognition &#038; Neurologie<\/h3><div class=\"textwidget\"><p>Troubles attentionnels<br \/> Troubles mn\u00e9siques<br \/> Troubles dysex\u00e9cutifs<br \/> Aphasie<br \/> Dysarthrie<\/p>\n<p>\u00a0<\/p>\n<\/div><\/div><\/div><div id=\"pgc-196-1-2\"  class=\"panel-grid-cell\" ><div id=\"panel-196-1-2-0\" class=\"so-panel widget widget_sow-button panel-first-child\" data-index=\"9\" ><div\n\t\t\t\n\t\t\tclass=\"so-widget-sow-button so-widget-sow-button-atom-0f58abde4046-196\"\n\t\t\t\n\t\t><div class=\"ow-button-base ow-button-align-center\"\n>\n\t\t\t<a\n\t\t\t\t\thref=\"https:\/\/orthophonie-en-ligne.com\/index.php\/teleorthophonie\/pour-qui\/lexique\/\"\n\t\t\t\t\tclass=\"sowb-button ow-icon-placement-left ow-button-hover\" \t>\n\t\t<span>\n\t\t\t<span class=\"sow-icon-fontawesome sow-fas\" data-sow-icon=\"&#xf0ca;\"\n\t\tstyle=\"\" \n\t\taria-hidden=\"true\"><\/span>\n\t\t\tLexique\t\t<\/span>\n\t\t\t<\/a>\n\t<\/div>\n<\/div><\/div><div id=\"panel-196-1-2-1\" class=\"so-panel widget widget_black-studio-tinymce widget_black_studio_tinymce panel-last-child\" data-index=\"10\" ><div class=\"textwidget\"><p><a href=\"http:\/\/orthophonie-en-ligne.com\/wp-content\/uploads\/2015\/07\/arbre_ortho.jpg\"><img loading=\"lazy\" decoding=\"async\" class=\"wp-image-213 size-full aligncenter\" src=\"http:\/\/orthophonie-en-ligne.com\/wp-content\/uploads\/2015\/07\/arbre_ortho.jpg\" alt=\"Arbre \u00e0 Mots\" width=\"862\" height=\"804\" srcset=\"https:\/\/orthophonie-en-ligne.com\/wp-content\/uploads\/2015\/07\/arbre_ortho.jpg 862w, https:\/\/orthophonie-en-ligne.com\/wp-content\/uploads\/2015\/07\/arbre_ortho-300x280.jpg 300w\" sizes=\"auto, (max-width: 862px) 100vw, 862px\" \/><\/a><\/p>\n<\/div><\/div><\/div><\/div><div id=\"pg-196-2\"  class=\"panel-grid panel-no-style\" ><div id=\"pgc-196-2-0\"  class=\"panel-grid-cell\" ><div id=\"panel-196-2-0-0\" class=\"so-panel widget widget_black-studio-tinymce widget_black_studio_tinymce panel-first-child\" data-index=\"11\" ><div class=\"textwidget\"><p style=\"text-align: center;\"><strong><span style=\"color: #800000;\">Dysphasie<\/span><\/strong><\/p>\n<\/div><\/div><div id=\"panel-196-2-0-1\" class=\"so-panel widget widget_black-studio-tinymce widget_black_studio_tinymce panel-last-child\" data-index=\"12\" ><div class=\"textwidget\"><p><iframe loading=\"lazy\" src=\"https:\/\/player.vimeo.com\/video\/12800677\" width=\"350\" height=\"197\" frameborder=\"0\" webkitallowfullscreen mozallowfullscreen allowfullscreen><\/iframe> <\/p>\n<p><a href=\"https:\/\/vimeo.com\/12800677\">Dysphasie<\/a> from <a href=\"https:\/\/vimeo.com\/user4116414\">adrien honnons<\/a> on <a href=\"https:\/\/vimeo.com\">Vimeo<\/a>.<\/p>\n<\/div><\/div><\/div><div id=\"pgc-196-2-1\"  class=\"panel-grid-cell\" ><div id=\"panel-196-2-1-0\" class=\"so-panel widget widget_black-studio-tinymce widget_black_studio_tinymce panel-first-child\" data-index=\"13\" ><div class=\"textwidget\"><p style=\"text-align: center;\"><strong><span style=\"color: #800000;\">Dyslexie<\/span><\/strong><\/p>\n<\/div><\/div><div id=\"panel-196-2-1-1\" class=\"so-panel widget widget_black-studio-tinymce widget_black_studio_tinymce panel-last-child\" data-index=\"14\" ><div class=\"textwidget\"><p><iframe loading=\"lazy\" src=\"https:\/\/player.vimeo.com\/video\/96010899\" width=\"350\" height=\"197\" frameborder=\"0\" webkitallowfullscreen mozallowfullscreen allowfullscreen><\/iframe> <\/p>\n<p><a href=\"https:\/\/vimeo.com\/96010899\">Dyslexie<\/a> from <a href=\"https:\/\/vimeo.com\/user4116414\">adrien honnons<\/a> on <a href=\"https:\/\/vimeo.com\">Vimeo<\/a>.<\/p>\n<\/div><\/div><\/div><div id=\"pgc-196-2-2\"  class=\"panel-grid-cell\" ><div id=\"panel-196-2-2-0\" class=\"so-panel widget widget_black-studio-tinymce widget_black_studio_tinymce panel-first-child panel-last-child\" data-index=\"15\" ><div class=\"textwidget\"><h5><em><strong><span style=\"color: #0000ff;\">\u00a0\u00a0\u00a0\u00a0\u00a0\u00a0\u00a0\u00a0\u00a0\u00a0\u00a0 Quand consulter?<\/span><\/strong><\/em><\/h5>\n<ul>\n<li><em><a href=\"http:\/\/orthophonie-en-ligne.com\/wp-content\/uploads\/2015\/07\/trouble1-signal-appel.pdf\" target=\"_blank\">Signes d\u2019appel \u00e0 retenir<\/a><\/em><\/li>\n<li><em><a href=\"http:\/\/orthophonie-en-ligne.com\/wp-content\/uploads\/2015\/07\/trouble2-articulation.pdf\" target=\"_blank\">trouble d'articulation isol\u00e9<\/a><\/em><\/li>\n<li><em><a href=\"http:\/\/orthophonie-en-ligne.com\/wp-content\/uploads\/2015\/07\/trouble3-parole.pdf\" target=\"_blank\">Retard de parole<\/a><\/em><\/li>\n<li><em><a href=\"http:\/\/orthophonie-en-ligne.com\/wp-content\/uploads\/2015\/07\/trouble4-langage.pdf\" target=\"_blank\">Retard de langage<\/a><\/em><\/li>\n<li><em><a href=\"http:\/\/orthophonie-en-ligne.com\/wp-content\/uploads\/2015\/07\/trouble5-dysphasie.pdf\" target=\"_blank\">Dysphasie<\/a><\/em><\/li>\n<li><em><a href=\"http:\/\/orthophonie-en-ligne.com\/wp-content\/uploads\/2015\/07\/Dyspraxie.pdf\" target=\"_blank\">Dyspraxie<\/a><\/em><\/li>\n<li><em><a href=\"http:\/\/orthophonie-en-ligne.com\/wp-content\/uploads\/2015\/07\/Dyslexie.pdf\" target=\"_blank\">Dyslexie<\/a><\/em><\/li>\n<li><em><a href=\"http:\/\/orthophonie-en-ligne.com\/wp-content\/uploads\/2015\/07\/trouble8-dysorthographie.pdf\" target=\"_blank\">Dysorthographie<\/a><\/em><\/li>\n<li><em><a href=\"http:\/\/orthophonie-en-ligne.com\/wp-content\/uploads\/2015\/07\/Dyscalculie.pdf\" target=\"_blank\">Dyscalculie<\/a><\/em><\/li>\n<li><em><a href=\"http:\/\/orthophonie-en-ligne.com\/wp-content\/uploads\/2015\/07\/trouble7-begaiement.pdf\" target=\"_blank\">B\u00e9gaiement<\/a><\/em><\/li>\n<li><em><a href=\"http:\/\/orthophonie-en-ligne.com\/wp-content\/uploads\/2015\/07\/trouble9-aphasie.pdf\" target=\"_blank\">Aphasie<\/a><\/em><\/li>\n<li><em><a href=\"http:\/\/orthophonie-en-ligne.com\/wp-content\/uploads\/2015\/07\/les-DYS.pdf\" target=\"_blank\">A propos des DYS<\/a><\/em><\/li>\n<li><em> <a href=\"http:\/\/orthophonie-en-ligne.com\/wp-content\/uploads\/2015\/07\/les-DYS-suite.pdf\" target=\"_blank\">A propos des DYS (suite)<\/a><\/em><\/li>\n<\/ul>\n<\/div><\/div><\/div><\/div><div id=\"pg-196-3\"  class=\"panel-grid panel-no-style\" ><div id=\"pgc-196-3-0\"  class=\"panel-grid-cell\" ><div id=\"panel-196-3-0-0\" class=\"so-panel widget widget_black-studio-tinymce widget_black_studio_tinymce panel-first-child\" data-index=\"16\" ><div class=\"textwidget\"><p style=\"text-align: center;\"><strong><span style=\"color: #800000;\">Dyspraxie<\/span><\/strong><\/p>\n<\/div><\/div><div id=\"panel-196-3-0-1\" class=\"so-panel widget widget_black-studio-tinymce widget_black_studio_tinymce panel-last-child\" data-index=\"17\" ><div class=\"textwidget\"><p><iframe loading=\"lazy\" src=\"https:\/\/player.vimeo.com\/video\/12801116\" width=\"350\" height=\"197\" frameborder=\"0\" webkitallowfullscreen mozallowfullscreen allowfullscreen><\/iframe> <\/p>\n<p><a href=\"https:\/\/vimeo.com\/12801116\">Dyspraxie<\/a> from <a href=\"https:\/\/vimeo.com\/user4116414\">adrien honnons<\/a> on <a href=\"https:\/\/vimeo.com\">Vimeo<\/a>.<\/p>\n<\/div><\/div><\/div><div id=\"pgc-196-3-1\"  class=\"panel-grid-cell panel-grid-cell-mobile-last\" ><div id=\"panel-196-3-1-0\" class=\"so-panel widget widget_black-studio-tinymce widget_black_studio_tinymce panel-first-child\" data-index=\"18\" ><div class=\"textwidget\"><p style=\"text-align: center;\"><strong><span style=\"color: #800000;\">B\u00e9gaiement<\/span><\/strong><\/p>\n<\/div><\/div><div id=\"panel-196-3-1-1\" class=\"so-panel widget widget_black-studio-tinymce widget_black_studio_tinymce panel-last-child\" data-index=\"19\" ><div class=\"textwidget\"><p style=\"text-align: center;\"><iframe loading=\"lazy\" src=\"https:\/\/www.youtube.com\/embed\/eVXAED5xy4c\" width=\"560\" height=\"315\" frameborder=\"0\" allowfullscreen=\"allowfullscreen\"><\/iframe><\/p>\n<\/div><\/div><\/div><div id=\"pgc-196-3-2\"  class=\"panel-grid-cell panel-grid-cell-empty\" ><\/div><\/div><\/div>","protected":false},"excerpt":{"rendered":"<p>Troubles trait\u00e9s\u00a0L\u2019orthophoniste est le professionnel de sant\u00e9 qui assume la responsabilit\u00e9 de la pr\u00e9vention, de l\u2019\u00e9valuation, du traitement et de l\u2019\u00e9tude scientifique des d\u00e9ficiences et des troubles de la communication humaine et de leurs troubles associ\u00e9s.L\u2019orthophonie s\u2019adresse \u00e0 l\u2019enfant, l\u2019adolescent et l\u2019adulte pr\u00e9sentant des troubles de la voix, de la parole, du langage, des troubles [&hellip;]<\/p>\n","protected":false},"author":3,"featured_media":0,"parent":24,"menu_order":0,"comment_status":"open","ping_status":"closed","template":"home-panels.php","meta":{"footnotes":""},"class_list":["post-196","page","type-page","status-publish","hentry","post"],"yoast_head":"<!-- This site is optimized with the Yoast SEO plugin v27.1.1 - https:\/\/yoast.com\/product\/yoast-seo-wordpress\/ -->\n<title>Orthophonie a distance<\/title>\n<meta name=\"description\" content=\"Retard parole, langage. Dysphasie. Dyslexie. Dysorthographie. Dyscalculie. Dysphonie. B\u00e9gaiement. Aphasie. Lecture. Apprentissage. M\u00e9moire. Attention. DYS.\" \/>\n<meta name=\"robots\" content=\"index, follow, max-snippet:-1, max-image-preview:large, max-video-preview:-1\" \/>\n<link rel=\"canonical\" href=\"https:\/\/orthophonie-en-ligne.com\/index.php\/teleorthophonie\/pour-qui\/\" \/>\n<meta property=\"og:locale\" content=\"en_US\" \/>\n<meta property=\"og:type\" content=\"article\" \/>\n<meta property=\"og:title\" content=\"Orthophonie a distance\" \/>\n<meta property=\"og:description\" content=\"Retard parole, langage. Dysphasie. Dyslexie. Dysorthographie. Dyscalculie. Dysphonie. B\u00e9gaiement. Aphasie. Lecture. Apprentissage. M\u00e9moire. Attention. DYS.\" \/>\n<meta property=\"og:url\" content=\"https:\/\/orthophonie-en-ligne.com\/index.php\/teleorthophonie\/pour-qui\/\" \/>\n<meta property=\"og:site_name\" content=\"orthophonieenligne\" \/>\n<meta property=\"article:modified_time\" content=\"2016-10-23T15:18:46+00:00\" \/>\n<meta property=\"og:image\" content=\"http:\/\/orthophonie-en-ligne.com\/wp-content\/uploads\/2015\/07\/arbre_ortho.jpg\" \/>\n<meta name=\"twitter:card\" content=\"summary_large_image\" \/>\n<meta name=\"twitter:label1\" content=\"Est. reading time\" \/>\n\t<meta name=\"twitter:data1\" content=\"1 minute\" \/>\n<script type=\"application\/ld+json\" class=\"yoast-schema-graph\">{\"@context\":\"https:\/\/schema.org\",\"@graph\":[{\"@type\":\"WebPage\",\"@id\":\"https:\/\/orthophonie-en-ligne.com\/index.php\/teleorthophonie\/pour-qui\/\",\"url\":\"https:\/\/orthophonie-en-ligne.com\/index.php\/teleorthophonie\/pour-qui\/\",\"name\":\"Orthophonie a distance\",\"isPartOf\":{\"@id\":\"https:\/\/orthophonie-en-ligne.com\/#website\"},\"primaryImageOfPage\":{\"@id\":\"https:\/\/orthophonie-en-ligne.com\/index.php\/teleorthophonie\/pour-qui\/#primaryimage\"},\"image\":{\"@id\":\"https:\/\/orthophonie-en-ligne.com\/index.php\/teleorthophonie\/pour-qui\/#primaryimage\"},\"thumbnailUrl\":\"http:\/\/orthophonie-en-ligne.com\/wp-content\/uploads\/2015\/07\/arbre_ortho.jpg\",\"datePublished\":\"2015-07-07T16:25:54+00:00\",\"dateModified\":\"2016-10-23T15:18:46+00:00\",\"description\":\"Retard parole, langage. Dysphasie. Dyslexie. Dysorthographie. Dyscalculie. Dysphonie. B\u00e9gaiement. Aphasie. Lecture. Apprentissage. M\u00e9moire. Attention. DYS.\",\"breadcrumb\":{\"@id\":\"https:\/\/orthophonie-en-ligne.com\/index.php\/teleorthophonie\/pour-qui\/#breadcrumb\"},\"inLanguage\":\"en-US\",\"potentialAction\":[{\"@type\":\"ReadAction\",\"target\":[\"https:\/\/orthophonie-en-ligne.com\/index.php\/teleorthophonie\/pour-qui\/\"]}]},{\"@type\":\"ImageObject\",\"inLanguage\":\"en-US\",\"@id\":\"https:\/\/orthophonie-en-ligne.com\/index.php\/teleorthophonie\/pour-qui\/#primaryimage\",\"url\":\"http:\/\/orthophonie-en-ligne.com\/wp-content\/uploads\/2015\/07\/arbre_ortho.jpg\",\"contentUrl\":\"http:\/\/orthophonie-en-ligne.com\/wp-content\/uploads\/2015\/07\/arbre_ortho.jpg\"},{\"@type\":\"BreadcrumbList\",\"@id\":\"https:\/\/orthophonie-en-ligne.com\/index.php\/teleorthophonie\/pour-qui\/#breadcrumb\",\"itemListElement\":[{\"@type\":\"ListItem\",\"position\":1,\"name\":\"Home\",\"item\":\"https:\/\/orthophonie-en-ligne.com\/\"},{\"@type\":\"ListItem\",\"position\":2,\"name\":\"Accueil\",\"item\":\"https:\/\/orthophonie-en-ligne.com\/\"},{\"@type\":\"ListItem\",\"position\":3,\"name\":\"Les troubles trait\u00e9s\"}]},{\"@type\":\"WebSite\",\"@id\":\"https:\/\/orthophonie-en-ligne.com\/#website\",\"url\":\"https:\/\/orthophonie-en-ligne.com\/\",\"name\":\"orthophonieenligne\",\"description\":\"T\u00e9l\u00e9 Orthophonie\",\"potentialAction\":[{\"@type\":\"SearchAction\",\"target\":{\"@type\":\"EntryPoint\",\"urlTemplate\":\"https:\/\/orthophonie-en-ligne.com\/?s={search_term_string}\"},\"query-input\":{\"@type\":\"PropertyValueSpecification\",\"valueRequired\":true,\"valueName\":\"search_term_string\"}}],\"inLanguage\":\"en-US\"}]}<\/script>\n<!-- \/ Yoast SEO plugin. -->","yoast_head_json":{"title":"Orthophonie a distance","description":"Retard parole, langage. Dysphasie. Dyslexie. Dysorthographie. Dyscalculie. Dysphonie. B\u00e9gaiement. Aphasie. Lecture. Apprentissage. M\u00e9moire. Attention. DYS.","robots":{"index":"index","follow":"follow","max-snippet":"max-snippet:-1","max-image-preview":"max-image-preview:large","max-video-preview":"max-video-preview:-1"},"canonical":"https:\/\/orthophonie-en-ligne.com\/index.php\/teleorthophonie\/pour-qui\/","og_locale":"en_US","og_type":"article","og_title":"Orthophonie a distance","og_description":"Retard parole, langage. Dysphasie. Dyslexie. Dysorthographie. Dyscalculie. Dysphonie. B\u00e9gaiement. Aphasie. Lecture. Apprentissage. M\u00e9moire. Attention. DYS.","og_url":"https:\/\/orthophonie-en-ligne.com\/index.php\/teleorthophonie\/pour-qui\/","og_site_name":"orthophonieenligne","article_modified_time":"2016-10-23T15:18:46+00:00","og_image":[{"url":"http:\/\/orthophonie-en-ligne.com\/wp-content\/uploads\/2015\/07\/arbre_ortho.jpg","type":"","width":"","height":""}],"twitter_card":"summary_large_image","twitter_misc":{"Est. reading time":"1 minute"},"schema":{"@context":"https:\/\/schema.org","@graph":[{"@type":"WebPage","@id":"https:\/\/orthophonie-en-ligne.com\/index.php\/teleorthophonie\/pour-qui\/","url":"https:\/\/orthophonie-en-ligne.com\/index.php\/teleorthophonie\/pour-qui\/","name":"Orthophonie a distance","isPartOf":{"@id":"https:\/\/orthophonie-en-ligne.com\/#website"},"primaryImageOfPage":{"@id":"https:\/\/orthophonie-en-ligne.com\/index.php\/teleorthophonie\/pour-qui\/#primaryimage"},"image":{"@id":"https:\/\/orthophonie-en-ligne.com\/index.php\/teleorthophonie\/pour-qui\/#primaryimage"},"thumbnailUrl":"http:\/\/orthophonie-en-ligne.com\/wp-content\/uploads\/2015\/07\/arbre_ortho.jpg","datePublished":"2015-07-07T16:25:54+00:00","dateModified":"2016-10-23T15:18:46+00:00","description":"Retard parole, langage. Dysphasie. Dyslexie. Dysorthographie. Dyscalculie. Dysphonie. B\u00e9gaiement. Aphasie. Lecture. Apprentissage. M\u00e9moire. Attention. DYS.","breadcrumb":{"@id":"https:\/\/orthophonie-en-ligne.com\/index.php\/teleorthophonie\/pour-qui\/#breadcrumb"},"inLanguage":"en-US","potentialAction":[{"@type":"ReadAction","target":["https:\/\/orthophonie-en-ligne.com\/index.php\/teleorthophonie\/pour-qui\/"]}]},{"@type":"ImageObject","inLanguage":"en-US","@id":"https:\/\/orthophonie-en-ligne.com\/index.php\/teleorthophonie\/pour-qui\/#primaryimage","url":"http:\/\/orthophonie-en-ligne.com\/wp-content\/uploads\/2015\/07\/arbre_ortho.jpg","contentUrl":"http:\/\/orthophonie-en-ligne.com\/wp-content\/uploads\/2015\/07\/arbre_ortho.jpg"},{"@type":"BreadcrumbList","@id":"https:\/\/orthophonie-en-ligne.com\/index.php\/teleorthophonie\/pour-qui\/#breadcrumb","itemListElement":[{"@type":"ListItem","position":1,"name":"Home","item":"https:\/\/orthophonie-en-ligne.com\/"},{"@type":"ListItem","position":2,"name":"Accueil","item":"https:\/\/orthophonie-en-ligne.com\/"},{"@type":"ListItem","position":3,"name":"Les troubles trait\u00e9s"}]},{"@type":"WebSite","@id":"https:\/\/orthophonie-en-ligne.com\/#website","url":"https:\/\/orthophonie-en-ligne.com\/","name":"orthophonieenligne","description":"T\u00e9l\u00e9 Orthophonie","potentialAction":[{"@type":"SearchAction","target":{"@type":"EntryPoint","urlTemplate":"https:\/\/orthophonie-en-ligne.com\/?s={search_term_string}"},"query-input":{"@type":"PropertyValueSpecification","valueRequired":true,"valueName":"search_term_string"}}],"inLanguage":"en-US"}]}},"_links":{"self":[{"href":"https:\/\/orthophonie-en-ligne.com\/index.php\/wp-json\/wp\/v2\/pages\/196","targetHints":{"allow":["GET"]}}],"collection":[{"href":"https:\/\/orthophonie-en-ligne.com\/index.php\/wp-json\/wp\/v2\/pages"}],"about":[{"href":"https:\/\/orthophonie-en-ligne.com\/index.php\/wp-json\/wp\/v2\/types\/page"}],"author":[{"embeddable":true,"href":"https:\/\/orthophonie-en-ligne.com\/index.php\/wp-json\/wp\/v2\/users\/3"}],"replies":[{"embeddable":true,"href":"https:\/\/orthophonie-en-ligne.com\/index.php\/wp-json\/wp\/v2\/comments?post=196"}],"version-history":[{"count":107,"href":"https:\/\/orthophonie-en-ligne.com\/index.php\/wp-json\/wp\/v2\/pages\/196\/revisions"}],"predecessor-version":[{"id":623,"href":"https:\/\/orthophonie-en-ligne.com\/index.php\/wp-json\/wp\/v2\/pages\/196\/revisions\/623"}],"up":[{"embeddable":true,"href":"https:\/\/orthophonie-en-ligne.com\/index.php\/wp-json\/wp\/v2\/pages\/24"}],"wp:attachment":[{"href":"https:\/\/orthophonie-en-ligne.com\/index.php\/wp-json\/wp\/v2\/media?parent=196"}],"curies":[{"name":"wp","href":"https:\/\/api.w.org\/{rel}","templated":true}]}}